{"version":"1.0","provider_name":"Institut de Travail Social de la R\u00e9gion Auvergne","provider_url":"https:\/\/itsra.net\/wordpress","author_name":"Camille FOIX","author_url":"https:\/\/itsra.net\/wordpress\/author\/cfoix\/","title":"Erasmus + et la mobilit\u00e9 UE\/hors UE - Institut de Travail Social de la R\u00e9gion Auvergne","type":"rich","width":600,"height":338,"html":"<blockquote class=\"wp-embedded-content\" data-secret=\"kNlXrFbthF\"><a href=\"https:\/\/itsra.net\/wordpress\/erasmus-et-la-mobilite-europeenne\/\">Erasmus + et la mobilit\u00e9 UE\/hors UE<\/a><\/blockquote><iframe sandbox=\"allow-scripts\" security=\"restricted\" src=\"https:\/\/itsra.net\/wordpress\/erasmus-et-la-mobilite-europeenne\/embed\/#?secret=kNlXrFbthF\" width=\"600\" height=\"338\" title=\"\u00ab\u00a0Erasmus + et la mobilit\u00e9 UE\/hors UE\u00a0\u00bb &#8212; Institut de Travail Social de la R\u00e9gion Auvergne\" data-secret=\"kNlXrFbthF\" frameborder=\"0\" marginwidth=\"0\" marginheight=\"0\" scrolling=\"no\" class=\"wp-embedded-content\"><\/iframe><script type=\"text\/javascript\">\n\/* <![CDATA[ *\/\n\/*! This file is auto-generated *\/\n!function(d,l){\"use strict\";l.querySelector&&d.addEventListener&&\"undefined\"!=typeof URL&&(d.wp=d.wp||{},d.wp.receiveEmbedMessage||(d.wp.receiveEmbedMessage=function(e){var t=e.data;if((t||t.secret||t.message||t.value)&&!\/[^a-zA-Z0-9]\/.test(t.secret)){for(var s,r,n,a=l.querySelectorAll('iframe[data-secret=\"'+t.secret+'\"]'),o=l.querySelectorAll('blockquote[data-secret=\"'+t.secret+'\"]'),c=new RegExp(\"^https?:$\",\"i\"),i=0;i<o.length;i++)o[i].style.display=\"none\";for(i=0;i<a.length;i++)s=a[i],e.source===s.contentWindow&&(s.removeAttribute(\"style\"),\"height\"===t.message?(1e3<(r=parseInt(t.value,10))?r=1e3:~~r<200&&(r=200),s.height=r):\"link\"===t.message&&(r=new URL(s.getAttribute(\"src\")),n=new URL(t.value),c.test(n.protocol))&&n.host===r.host&&l.activeElement===s&&(d.top.location.href=t.value))}},d.addEventListener(\"message\",d.wp.receiveEmbedMessage,!1),l.addEventListener(\"DOMContentLoaded\",function(){for(var e,t,s=l.querySelectorAll(\"iframe.wp-embedded-content\"),r=0;r<s.length;r++)(t=(e=s[r]).getAttribute(\"data-secret\"))||(t=Math.random().toString(36).substring(2,12),e.src+=\"#?secret=\"+t,e.setAttribute(\"data-secret\",t)),e.contentWindow.postMessage({message:\"ready\",secret:t},\"*\")},!1)))}(window,document);\n\/* ]]> *\/\n<\/script>\n","description":"T\u00e9l\u00e9chargez la&nbsp;Charte ERASMUS+ (FR)&nbsp;\u2013&nbsp;Charte ERASMUS+ (EN) ERASMUS+ et les programmes de mobilit\u00e9 europ\u00e9enne : Gr\u00e2ce au soutien de l\u2019Agence Europe-Education-Formation France (2E2F), l\u2019ITSRA participe, \u00e0 son niveau, \u00e0 la construction d\u2019une \u00ab action sociale europ\u00e9enne \u00bb en investissant les programmes europ\u00e9ens d\u2019\u00e9change et d\u2019aide \u00e0 la mobilit\u00e9. Ces programmes permettent d\u2019apporter et de recevoir des&hellip; Lire la suite"}