{"version":"1.0","provider_name":"Institut de Travail Social de la R\u00e9gion Auvergne","provider_url":"https:\/\/itsra.net\/wordpress","author_name":"Camille FOIX","author_url":"https:\/\/itsra.net\/wordpress\/author\/cfoix\/","title":"Technicien de l'Intervention Sociale et Familiale (TISF) - Institut de Travail Social de la R\u00e9gion Auvergne","type":"rich","width":600,"height":338,"html":"<blockquote class=\"wp-embedded-content\" data-secret=\"4M1UaSc1DQ\"><a href=\"https:\/\/itsra.net\/wordpress\/technicien-de-lintervention-sociale-et-familiale-tisf\/\">Technicien de l&rsquo;Intervention Sociale et Familiale (TISF)<\/a><\/blockquote><iframe sandbox=\"allow-scripts\" security=\"restricted\" src=\"https:\/\/itsra.net\/wordpress\/technicien-de-lintervention-sociale-et-familiale-tisf\/embed\/#?secret=4M1UaSc1DQ\" width=\"600\" height=\"338\" title=\"\u00ab\u00a0Technicien de l&rsquo;Intervention Sociale et Familiale (TISF)\u00a0\u00bb &#8212; Institut de Travail Social de la R\u00e9gion Auvergne\" data-secret=\"4M1UaSc1DQ\" frameborder=\"0\" marginwidth=\"0\" marginheight=\"0\" scrolling=\"no\" class=\"wp-embedded-content\"><\/iframe><script type=\"text\/javascript\">\n\/* <![CDATA[ *\/\n\/*! This file is auto-generated *\/\n!function(d,l){\"use strict\";l.querySelector&&d.addEventListener&&\"undefined\"!=typeof URL&&(d.wp=d.wp||{},d.wp.receiveEmbedMessage||(d.wp.receiveEmbedMessage=function(e){var t=e.data;if((t||t.secret||t.message||t.value)&&!\/[^a-zA-Z0-9]\/.test(t.secret)){for(var s,r,n,a=l.querySelectorAll('iframe[data-secret=\"'+t.secret+'\"]'),o=l.querySelectorAll('blockquote[data-secret=\"'+t.secret+'\"]'),c=new RegExp(\"^https?:$\",\"i\"),i=0;i<o.length;i++)o[i].style.display=\"none\";for(i=0;i<a.length;i++)s=a[i],e.source===s.contentWindow&&(s.removeAttribute(\"style\"),\"height\"===t.message?(1e3<(r=parseInt(t.value,10))?r=1e3:~~r<200&&(r=200),s.height=r):\"link\"===t.message&&(r=new URL(s.getAttribute(\"src\")),n=new URL(t.value),c.test(n.protocol))&&n.host===r.host&&l.activeElement===s&&(d.top.location.href=t.value))}},d.addEventListener(\"message\",d.wp.receiveEmbedMessage,!1),l.addEventListener(\"DOMContentLoaded\",function(){for(var e,t,s=l.querySelectorAll(\"iframe.wp-embedded-content\"),r=0;r<s.length;r++)(t=(e=s[r]).getAttribute(\"data-secret\"))||(t=Math.random().toString(36).substring(2,12),e.src+=\"#?secret=\"+t,e.setAttribute(\"data-secret\",t)),e.contentWindow.postMessage({message:\"ready\",secret:t},\"*\")},!1)))}(window,document);\n\/* ]]> *\/\n<\/script>\n","description":"La formation Contenu Validation Lieu Voies d&rsquo;acc\u00e8s Dur\u00e9e Chiffres cl\u00e9s Documents compl\u00e9mentaires Formateurs Contenu OBJECTIFS DE LA FORMATION : Identifier les diff\u00e9rents secteurs d\u2019activit\u00e9 et cadres d\u2019intervention du TISF Rep\u00e9rer les sp\u00e9cificit\u00e9s du m\u00e9tier de TISF et identifier sa place au sein d\u2019une \u00e9quipe pluridisciplinaire Acqu\u00e9rir les comp\u00e9tences n\u00e9cessaires pour\u00a0:&#8211; Contribuer \u00e0 l\u2019accompagnement socio-\u00e9ducatif de&hellip; Lire la suite"}