{"id":4541,"date":"2020-12-02T14:14:18","date_gmt":"2020-12-02T13:14:18","guid":{"rendered":"http:\/\/itsra.net\/wordpress\/?page_id=4541"},"modified":"2026-04-29T15:17:54","modified_gmt":"2026-04-29T13:17:54","slug":"classe-preparatoire-aux-epreuves-dadmission-a-la-formation-cafdes","status":"publish","type":"page","link":"https:\/\/itsra.net\/wordpress\/classe-preparatoire-aux-epreuves-dadmission-a-la-formation-cafdes\/","title":{"rendered":"Pr\u00e9pa aux \u00e9preuves d&rsquo;admission \u00e0 la formation CAFDES"},"content":{"rendered":"\t\t<div data-elementor-type=\"wp-page\" data-elementor-id=\"4541\" class=\"elementor elementor-4541\">\n\t\t\t\t\t\t<section class=\"elementor-section elementor-top-section elementor-element elementor-element-6e499922 elementor-section-boxed elementor-section-height-default elementor-section-height-default\" data-id=\"6e499922\" data-element_type=\"section\">\n\t\t\t\t\t\t<div class=\"elementor-container elementor-column-gap-default\">\n\t\t\t\t\t<div class=\"elementor-column elementor-col-100 elementor-top-column elementor-element elementor-element-40209cf3\" data-id=\"40209cf3\" data-element_type=\"column\">\n\t\t\t<div class=\"elementor-widget-wrap elementor-element-populated\">\n\t\t\t\t\t\t<div class=\"elementor-element elementor-element-7c5870fc elementor-widget elementor-widget-heading\" data-id=\"7c5870fc\" data-element_type=\"widget\" data-widget_type=\"heading.default\">\n\t\t\t\t<div class=\"elementor-widget-container\">\n\t\t\t\t\t<h2 class=\"elementor-heading-title elementor-size-default\">La formation<\/h2>\t\t\t\t<\/div>\n\t\t\t\t<\/div>\n\t\t\t\t<div class=\"elementor-element elementor-element-2eefadb7 elementor-tabs-view-horizontal elementor-widget elementor-widget-tabs\" data-id=\"2eefadb7\" data-element_type=\"widget\" data-widget_type=\"tabs.default\">\n\t\t\t\t<div class=\"elementor-widget-container\">\n\t\t\t\t\t\t\t<div class=\"elementor-tabs\">\n\t\t\t<div class=\"elementor-tabs-wrapper\" role=\"tablist\" >\n\t\t\t\t\t\t\t\t\t<div id=\"elementor-tab-title-7871\" class=\"elementor-tab-title elementor-tab-desktop-title\" aria-selected=\"true\" data-tab=\"1\" role=\"tab\" tabindex=\"0\" aria-controls=\"elementor-tab-content-7871\" aria-expanded=\"false\">Contenu<\/div>\n\t\t\t\t\t\t\t\t\t<div id=\"elementor-tab-title-7872\" class=\"elementor-tab-title elementor-tab-desktop-title\" aria-selected=\"false\" data-tab=\"2\" role=\"tab\" tabindex=\"-1\" aria-controls=\"elementor-tab-content-7872\" aria-expanded=\"false\">Validation<\/div>\n\t\t\t\t\t\t\t\t\t<div id=\"elementor-tab-title-7873\" class=\"elementor-tab-title elementor-tab-desktop-title\" aria-selected=\"false\" data-tab=\"3\" role=\"tab\" tabindex=\"-1\" aria-controls=\"elementor-tab-content-7873\" aria-expanded=\"false\">Lieu<\/div>\n\t\t\t\t\t\t\t\t\t<div id=\"elementor-tab-title-7874\" class=\"elementor-tab-title elementor-tab-desktop-title\" aria-selected=\"false\" data-tab=\"4\" role=\"tab\" tabindex=\"-1\" aria-controls=\"elementor-tab-content-7874\" aria-expanded=\"false\">Voies d'acc\u00e8s<\/div>\n\t\t\t\t\t\t\t\t\t<div id=\"elementor-tab-title-7875\" class=\"elementor-tab-title elementor-tab-desktop-title\" aria-selected=\"false\" data-tab=\"5\" role=\"tab\" tabindex=\"-1\" aria-controls=\"elementor-tab-content-7875\" aria-expanded=\"false\">Dur\u00e9e<\/div>\n\t\t\t\t\t\t\t\t\t<div id=\"elementor-tab-title-7876\" class=\"elementor-tab-title elementor-tab-desktop-title\" aria-selected=\"false\" data-tab=\"6\" role=\"tab\" tabindex=\"-1\" aria-controls=\"elementor-tab-content-7876\" aria-expanded=\"false\">Documents compl\u00e9mentaires<\/div>\n\t\t\t\t\t\t\t<\/div>\n\t\t\t<div class=\"elementor-tabs-content-wrapper\" role=\"tablist\" aria-orientation=\"vertical\">\n\t\t\t\t\t\t\t\t\t<div class=\"elementor-tab-title elementor-tab-mobile-title\" aria-selected=\"true\" data-tab=\"1\" role=\"tab\" tabindex=\"0\" aria-controls=\"elementor-tab-content-7871\" aria-expanded=\"false\">Contenu<\/div>\n\t\t\t\t\t<div id=\"elementor-tab-content-7871\" class=\"elementor-tab-content elementor-clearfix\" data-tab=\"1\" role=\"tabpanel\" aria-labelledby=\"elementor-tab-title-7871\" tabindex=\"0\" hidden=\"false\"><p>Cette formation a pour objectif de se pr\u00e9parer et s\u2019entra\u00eener \u00e0 l\u2019\u00e9preuve \u00e9crite et orale d\u2019admission au CAFDES.<\/p><p><span style=\"color: #cc0000;\"><strong>LA FORMATION PREPA&rsquo; DE L&rsquo;ECRIT (MODULE 1) :<\/strong><\/span><\/p><ul><li><p>Pr\u00e9paration \u00e0 la r\u00e9daction de la note \u00e9crite de 4 \u00e0 6 pages, \u00e0 d\u00e9poser avec le dossier d\u2019inscription.<\/p><\/li><li><p>Conseils et corrections individualis\u00e9s.<\/p><\/li><\/ul><p><span style=\"color: #cc0000;\"><strong>LA FORMATION PREPA&rsquo; DE L&rsquo;ORAL (MODULE 2) :<\/strong><\/span><\/p><ul><li><p>Posture r\u00e9flexive<\/p><\/li><li><p>M\u00e9thodologie de l\u2019oral : du parcours, au projet de formation.<\/p><\/li><li><p>Expression verbale et non verbale.\u00a0<\/p><\/li><li><p>Mises en situations interactives.<\/p><\/li><\/ul><\/div>\n\t\t\t\t\t\t\t\t\t<div class=\"elementor-tab-title elementor-tab-mobile-title\" aria-selected=\"false\" data-tab=\"2\" role=\"tab\" tabindex=\"-1\" aria-controls=\"elementor-tab-content-7872\" aria-expanded=\"false\">Validation<\/div>\n\t\t\t\t\t<div id=\"elementor-tab-content-7872\" class=\"elementor-tab-content elementor-clearfix\" data-tab=\"2\" role=\"tabpanel\" aria-labelledby=\"elementor-tab-title-7872\" tabindex=\"0\" hidden=\"hidden\"><p>Il n&rsquo;y a pas d&rsquo;\u00e9preuve de validation \u00e0 la suite de ces modules de formation.<\/p><\/div>\n\t\t\t\t\t\t\t\t\t<div class=\"elementor-tab-title elementor-tab-mobile-title\" aria-selected=\"false\" data-tab=\"3\" role=\"tab\" tabindex=\"-1\" aria-controls=\"elementor-tab-content-7873\" aria-expanded=\"false\">Lieu<\/div>\n\t\t\t\t\t<div id=\"elementor-tab-content-7873\" class=\"elementor-tab-content elementor-clearfix\" data-tab=\"3\" role=\"tabpanel\" aria-labelledby=\"elementor-tab-title-7873\" tabindex=\"0\" hidden=\"hidden\"><p>La formation se d\u00e9roule \u00e0 l&rsquo;Institut de Travail Social de la R\u00e9gion Auvergne : 62 avenue Marx Dormoy, 63000 Clermont-Ferrand.<\/p><\/div>\n\t\t\t\t\t\t\t\t\t<div class=\"elementor-tab-title elementor-tab-mobile-title\" aria-selected=\"false\" data-tab=\"4\" role=\"tab\" tabindex=\"-1\" aria-controls=\"elementor-tab-content-7874\" aria-expanded=\"false\">Voies d'acc\u00e8s<\/div>\n\t\t\t\t\t<div id=\"elementor-tab-content-7874\" class=\"elementor-tab-content elementor-clearfix\" data-tab=\"4\" role=\"tabpanel\" aria-labelledby=\"elementor-tab-title-7874\" tabindex=\"0\" hidden=\"hidden\"><p>Les modules de pr\u00e9paration s\u2019adressent aux candidats ayant un projet de formations \u00e0 l\u2019encadrement :<\/p><ul><li>Salari\u00e9s,<\/li><li>Demandeur d&#8217;emploi,<\/li><li>Etudiants.<\/li><\/ul><\/div>\n\t\t\t\t\t\t\t\t\t<div class=\"elementor-tab-title elementor-tab-mobile-title\" aria-selected=\"false\" data-tab=\"5\" role=\"tab\" tabindex=\"-1\" aria-controls=\"elementor-tab-content-7875\" aria-expanded=\"false\">Dur\u00e9e<\/div>\n\t\t\t\t\t<div id=\"elementor-tab-content-7875\" class=\"elementor-tab-content elementor-clearfix\" data-tab=\"5\" role=\"tabpanel\" aria-labelledby=\"elementor-tab-title-7875\" tabindex=\"0\" hidden=\"hidden\"><p>Pour plus d\u2019informations sur la p\u00e9riode de formation, merci de contacter le secr\u00e9tariat administratif : <a href=\"mailto:formationcontinue@itsra.net\">formationcontinue@itsra.net<\/a>\u00a0\u2013 04 63 05 03 73<\/p><p>Les inscriptions se font via le bulletin d\u2019inscription que nous vous transmettrons.<\/p><\/div>\n\t\t\t\t\t\t\t\t\t<div class=\"elementor-tab-title elementor-tab-mobile-title\" aria-selected=\"false\" data-tab=\"6\" role=\"tab\" tabindex=\"-1\" aria-controls=\"elementor-tab-content-7876\" aria-expanded=\"false\">Documents compl\u00e9mentaires<\/div>\n\t\t\t\t\t<div id=\"elementor-tab-content-7876\" class=\"elementor-tab-content elementor-clearfix\" data-tab=\"6\" role=\"tabpanel\" aria-labelledby=\"elementor-tab-title-7876\" tabindex=\"0\" hidden=\"hidden\"><ul><li><a href=\"https:\/\/itsra.net\/wordpress\/wp-content\/uploads\/2024\/10\/Flyer_PREPA-CAFDES_2024_2025-1.pdf\" target=\"_blank\" rel=\"noopener\">T\u00e9l\u00e9chargez la plaquette de pr\u00e9sentation des deux modules.<\/a><\/li><\/ul><\/div>\n\t\t\t\t\t\t\t<\/div>\n\t\t<\/div>\n\t\t\t\t\t\t<\/div>\n\t\t\t\t<\/div>\n\t\t\t\t\t<\/div>\n\t\t<\/div>\n\t\t\t\t\t<\/div>\n\t\t<\/section>\n\t\t\t\t<section class=\"elementor-section elementor-top-section elementor-element elementor-element-55e41c6c elementor-section-boxed elementor-section-height-default elementor-section-height-default\" data-id=\"55e41c6c\" data-element_type=\"section\">\n\t\t\t\t\t\t<div class=\"elementor-container elementor-column-gap-default\">\n\t\t\t\t\t<div class=\"elementor-column elementor-col-100 elementor-top-column elementor-element elementor-element-6a623fa2\" data-id=\"6a623fa2\" data-element_type=\"column\">\n\t\t\t<div class=\"elementor-widget-wrap elementor-element-populated\">\n\t\t\t\t\t\t<div class=\"elementor-element elementor-element-3d2fcb66 elementor-widget elementor-widget-spacer\" data-id=\"3d2fcb66\" data-element_type=\"widget\" data-widget_type=\"spacer.default\">\n\t\t\t\t<div class=\"elementor-widget-container\">\n\t\t\t\t\t\t\t<div class=\"elementor-spacer\">\n\t\t\t<div class=\"elementor-spacer-inner\"><\/div>\n\t\t<\/div>\n\t\t\t\t\t\t<\/div>\n\t\t\t\t<\/div>\n\t\t\t\t\t<\/div>\n\t\t<\/div>\n\t\t\t\t\t<\/div>\n\t\t<\/section>\n\t\t\t\t<section class=\"elementor-section elementor-top-section elementor-element elementor-element-561ddaf1 elementor-section-boxed elementor-section-height-default elementor-section-height-default\" data-id=\"561ddaf1\" data-element_type=\"section\">\n\t\t\t\t\t\t<div class=\"elementor-container elementor-column-gap-default\">\n\t\t\t\t\t<div class=\"elementor-column elementor-col-100 elementor-top-column elementor-element elementor-element-77b8f571\" data-id=\"77b8f571\" data-element_type=\"column\">\n\t\t\t<div class=\"elementor-widget-wrap elementor-element-populated\">\n\t\t\t\t\t\t<div class=\"elementor-element elementor-element-2e2c57b4 elementor-widget elementor-widget-heading\" data-id=\"2e2c57b4\" data-element_type=\"widget\" data-widget_type=\"heading.default\">\n\t\t\t\t<div class=\"elementor-widget-container\">\n\t\t\t\t\t<h2 class=\"elementor-heading-title elementor-size-default\">Comment s'inscrire en formation ?<\/h2>\t\t\t\t<\/div>\n\t\t\t\t<\/div>\n\t\t\t\t\t<\/div>\n\t\t<\/div>\n\t\t\t\t\t<\/div>\n\t\t<\/section>\n\t\t\t\t<section class=\"elementor-section elementor-top-section elementor-element elementor-element-616f7e15 elementor-section-boxed elementor-section-height-default elementor-section-height-default\" data-id=\"616f7e15\" data-element_type=\"section\">\n\t\t\t\t\t\t<div class=\"elementor-container elementor-column-gap-default\">\n\t\t\t\t\t<div class=\"elementor-column elementor-col-100 elementor-top-column elementor-element elementor-element-42b99c12\" data-id=\"42b99c12\" data-element_type=\"column\">\n\t\t\t<div class=\"elementor-widget-wrap elementor-element-populated\">\n\t\t\t\t\t\t<div class=\"elementor-element elementor-element-2a73ad6 elementor-tabs-view-horizontal elementor-widget elementor-widget-tabs\" data-id=\"2a73ad6\" data-element_type=\"widget\" data-widget_type=\"tabs.default\">\n\t\t\t\t<div class=\"elementor-widget-container\">\n\t\t\t\t\t\t\t<div class=\"elementor-tabs\">\n\t\t\t<div class=\"elementor-tabs-wrapper\" role=\"tablist\" >\n\t\t\t\t\t\t\t\t\t<div id=\"elementor-tab-title-4451\" class=\"elementor-tab-title elementor-tab-desktop-title\" aria-selected=\"true\" data-tab=\"1\" role=\"tab\" tabindex=\"0\" aria-controls=\"elementor-tab-content-4451\" aria-expanded=\"false\">Aptitudes et pr\u00e9requis<\/div>\n\t\t\t\t\t\t\t\t\t<div id=\"elementor-tab-title-4452\" class=\"elementor-tab-title elementor-tab-desktop-title\" aria-selected=\"false\" data-tab=\"2\" role=\"tab\" tabindex=\"-1\" aria-controls=\"elementor-tab-content-4452\" aria-expanded=\"false\">Epreuves<\/div>\n\t\t\t\t\t\t\t\t\t<div id=\"elementor-tab-title-4453\" class=\"elementor-tab-title elementor-tab-desktop-title\" aria-selected=\"false\" data-tab=\"3\" role=\"tab\" tabindex=\"-1\" aria-controls=\"elementor-tab-content-4453\" aria-expanded=\"false\">Tarifs<\/div>\n\t\t\t\t\t\t\t\t\t<div id=\"elementor-tab-title-4454\" class=\"elementor-tab-title elementor-tab-desktop-title\" aria-selected=\"false\" data-tab=\"4\" role=\"tab\" tabindex=\"-1\" aria-controls=\"elementor-tab-content-4454\" aria-expanded=\"false\">Inscription<\/div>\n\t\t\t\t\t\t\t<\/div>\n\t\t\t<div class=\"elementor-tabs-content-wrapper\" role=\"tablist\" aria-orientation=\"vertical\">\n\t\t\t\t\t\t\t\t\t<div class=\"elementor-tab-title elementor-tab-mobile-title\" aria-selected=\"true\" data-tab=\"1\" role=\"tab\" tabindex=\"0\" aria-controls=\"elementor-tab-content-4451\" aria-expanded=\"false\">Aptitudes et pr\u00e9requis<\/div>\n\t\t\t\t\t<div id=\"elementor-tab-content-4451\" class=\"elementor-tab-content elementor-clearfix\" data-tab=\"1\" role=\"tabpanel\" aria-labelledby=\"elementor-tab-title-4451\" tabindex=\"0\" hidden=\"false\"><p><span style=\"color: #cc0000;\"><strong>PREREQUIS POUR ENTRER EN FORMATION :<\/strong><\/span><\/p><p><span class=\"ui-provider gl b c d e f g h i j k l m n o p q r s t u v w x y z ab ac ae af ag ah ai aj ak\" dir=\"ltr\">Remplir au moins l\u2019une des 3 conditions d\u2019acc\u00e8s \u00e0 la formation CAFDES :<\/span><\/p><ul><li>Justifier d&rsquo;un dipl\u00f4me, certificat ou titre inscrit au r\u00e9pertoire national des certifications professionnelles class\u00e9 au moins au niveau 6 du cadre national des certifications ;<\/li><li>Justifier d&rsquo;un dipl\u00f4me d\u00e9livr\u00e9 par l&rsquo;Etat mentionn\u00e9 au\u00a0<a href=\"https:\/\/www.legifrance.gouv.fr\/affichCode.do?cidTexte=LEGITEXT000006074069&amp;dateTexte=&amp;categorieLien=cid\">code de l&rsquo;action sociale et des familles<\/a>\u00a0ou au\u00a0<a href=\"https:\/\/www.legifrance.gouv.fr\/affichCode.do?cidTexte=LEGITEXT000006072665&amp;dateTexte=&amp;categorieLien=cid\">code de la sant\u00e9 publique<\/a>\u00a0et inscrit au niveau 5 du cadre national des certifications ;<\/li><li>\u00catre en fonction de directeur d&rsquo;\u00e9tablissement ou de service dans le champ de l&rsquo;action sociale, m\u00e9dico-sociale ou sanitaire.<\/li><\/ul><\/div>\n\t\t\t\t\t\t\t\t\t<div class=\"elementor-tab-title elementor-tab-mobile-title\" aria-selected=\"false\" data-tab=\"2\" role=\"tab\" tabindex=\"-1\" aria-controls=\"elementor-tab-content-4452\" aria-expanded=\"false\">Epreuves<\/div>\n\t\t\t\t\t<div id=\"elementor-tab-content-4452\" class=\"elementor-tab-content elementor-clearfix\" data-tab=\"2\" role=\"tabpanel\" aria-labelledby=\"elementor-tab-title-4452\" tabindex=\"0\" hidden=\"hidden\"><p>Il n&rsquo;y a pas d&rsquo;\u00e9preuve d&rsquo;admission pour suivre cette formation.<\/p><\/div>\n\t\t\t\t\t\t\t\t\t<div class=\"elementor-tab-title elementor-tab-mobile-title\" aria-selected=\"false\" data-tab=\"3\" role=\"tab\" tabindex=\"-1\" aria-controls=\"elementor-tab-content-4453\" aria-expanded=\"false\">Tarifs<\/div>\n\t\t\t\t\t<div id=\"elementor-tab-content-4453\" class=\"elementor-tab-content elementor-clearfix\" data-tab=\"3\" role=\"tabpanel\" aria-labelledby=\"elementor-tab-title-4453\" tabindex=\"0\" hidden=\"hidden\"><p><span style=\"color: #e30000;\"><strong>TARIF DE LA FORMATION<\/strong><strong>\u00a0:<\/strong><\/span><\/p><p>Le co\u00fbt de chaque module est de <strong>300 \u20ac.<\/strong><\/p><\/div>\n\t\t\t\t\t\t\t\t\t<div class=\"elementor-tab-title elementor-tab-mobile-title\" aria-selected=\"false\" data-tab=\"4\" role=\"tab\" tabindex=\"-1\" aria-controls=\"elementor-tab-content-4454\" aria-expanded=\"false\">Inscription<\/div>\n\t\t\t\t\t<div id=\"elementor-tab-content-4454\" class=\"elementor-tab-content elementor-clearfix\" data-tab=\"4\" role=\"tabpanel\" aria-labelledby=\"elementor-tab-title-4454\" tabindex=\"0\" hidden=\"hidden\"><p>Les inscriptions se font via le bulletin d\u2019inscription que nous vous transmettrons.<\/p><p>Merci de contacter le secr\u00e9tariat administratif : <a href=\"mailto:formationcontinue@itsra.net\">formationcontinue@itsra.net<\/a>\u00a0\u2013 04 63 05 03 73<\/p><\/div>\n\t\t\t\t\t\t\t<\/div>\n\t\t<\/div>\n\t\t\t\t\t\t<\/div>\n\t\t\t\t<\/div>\n\t\t\t\t\t<\/div>\n\t\t<\/div>\n\t\t\t\t\t<\/div>\n\t\t<\/section>\n\t\t\t\t<section class=\"elementor-section elementor-top-section elementor-element elementor-element-7a17d57c elementor-section-boxed elementor-section-height-default elementor-section-height-default\" data-id=\"7a17d57c\" data-element_type=\"section\">\n\t\t\t\t\t\t<div class=\"elementor-container elementor-column-gap-default\">\n\t\t\t\t\t<div class=\"elementor-column elementor-col-100 elementor-top-column elementor-element elementor-element-5e497f91\" data-id=\"5e497f91\" data-element_type=\"column\">\n\t\t\t<div class=\"elementor-widget-wrap elementor-element-populated\">\n\t\t\t\t\t\t<div class=\"elementor-element elementor-element-63117189 elementor-widget elementor-widget-spacer\" data-id=\"63117189\" data-element_type=\"widget\" data-widget_type=\"spacer.default\">\n\t\t\t\t<div class=\"elementor-widget-container\">\n\t\t\t\t\t\t\t<div class=\"elementor-spacer\">\n\t\t\t<div class=\"elementor-spacer-inner\"><\/div>\n\t\t<\/div>\n\t\t\t\t\t\t<\/div>\n\t\t\t\t<\/div>\n\t\t\t\t<div class=\"elementor-element elementor-element-68f5970f elementor-widget elementor-widget-heading\" data-id=\"68f5970f\" data-element_type=\"widget\" data-widget_type=\"heading.default\">\n\t\t\t\t<div class=\"elementor-widget-container\">\n\t\t\t\t\t<h2 class=\"elementor-heading-title elementor-size-default\">Contact<\/h2>\t\t\t\t<\/div>\n\t\t\t\t<\/div>\n\t\t\t\t\t<\/div>\n\t\t<\/div>\n\t\t\t\t\t<\/div>\n\t\t<\/section>\n\t\t\t\t<section class=\"elementor-section elementor-top-section elementor-element elementor-element-75450a34 elementor-section-boxed elementor-section-height-default elementor-section-height-default\" data-id=\"75450a34\" data-element_type=\"section\">\n\t\t\t\t\t\t<div class=\"elementor-container elementor-column-gap-default\">\n\t\t\t\t\t<div class=\"elementor-column elementor-col-100 elementor-top-column elementor-element elementor-element-4aad13ed\" data-id=\"4aad13ed\" data-element_type=\"column\">\n\t\t\t<div class=\"elementor-widget-wrap elementor-element-populated\">\n\t\t\t\t\t\t<div class=\"elementor-element elementor-element-651354d3 elementor-widget elementor-widget-text-editor\" data-id=\"651354d3\" data-element_type=\"widget\" data-widget_type=\"text-editor.default\">\n\t\t\t\t<div class=\"elementor-widget-container\">\n\t\t\t\t\t\t\t\t\t<p style=\"text-align: left;\"><strong>Pour toute question :<\/strong><\/p><ul><li style=\"text-align: left;\"><b>Sur l&rsquo;aspect administratif\u00a0<\/b><strong>:<\/strong> <a href=\"mailto:formationcontinue@itsra.net\">formationcontinue@itsra.net<\/a>\u00a0&#8211; 04 63 05 03 73<\/li><li style=\"text-align: left;\"><b style=\"color: var( --e-global-color-text ); font-family: var( --e-global-typography-text-font-family ), Sans-serif;\">Sur l&rsquo;aspect p\u00e9dagogique :<\/b><span style=\"color: var( --e-global-color-text ); font-family: var( --e-global-typography-text-font-family ), Sans-serif; font-weight: var( --e-global-typography-text-font-weight );\"> Brice DEBARGE &#8211; <\/span><a style=\"font-family: var( --e-global-typography-text-font-family ), Sans-serif; font-weight: var( --e-global-typography-text-font-weight );\" href=\"mailto:brice.debarge@itsra.net\" target=\"_blank\" rel=\"noopener\">brice.debarge@itsra.net<\/a><span style=\"color: var( --e-global-color-text ); font-family: var( --e-global-typography-text-font-family ), Sans-serif; font-weight: var( --e-global-typography-text-font-weight );\"> &#8211; 04 73 69 99 19<\/span><\/li><\/ul>\t\t\t\t\t\t\t\t<\/div>\n\t\t\t\t<\/div>\n\t\t\t\t\t<\/div>\n\t\t<\/div>\n\t\t\t\t\t<\/div>\n\t\t<\/section>\n\t\t\t\t<section class=\"elementor-section elementor-top-section elementor-element elementor-element-7ad07e98 elementor-section-boxed elementor-section-height-default elementor-section-height-default\" data-id=\"7ad07e98\" data-element_type=\"section\">\n\t\t\t\t\t\t<div class=\"elementor-container elementor-column-gap-default\">\n\t\t\t\t\t<div class=\"elementor-column elementor-col-100 elementor-top-column elementor-element elementor-element-1f6ce8a0\" data-id=\"1f6ce8a0\" data-element_type=\"column\">\n\t\t\t<div class=\"elementor-widget-wrap elementor-element-populated\">\n\t\t\t\t\t\t<div class=\"elementor-element elementor-element-4d7803c0 elementor-widget elementor-widget-text-editor\" data-id=\"4d7803c0\" data-element_type=\"widget\" data-widget_type=\"text-editor.default\">\n\t\t\t\t<div class=\"elementor-widget-container\">\n\t\t\t\t\t\t\t\t\t<p style=\"text-align: right;\"><span style=\"color: #999999;\">Mise \u00e0 jour 10\/2024<\/span><\/p>\t\t\t\t\t\t\t\t<\/div>\n\t\t\t\t<\/div>\n\t\t\t\t\t<\/div>\n\t\t<\/div>\n\t\t\t\t\t<\/div>\n\t\t<\/section>\n\t\t\t\t<section class=\"elementor-section elementor-top-section elementor-element elementor-element-65067c07 elementor-section-boxed elementor-section-height-default elementor-section-height-default\" data-id=\"65067c07\" data-element_type=\"section\">\n\t\t\t\t\t\t<div class=\"elementor-container elementor-column-gap-default\">\n\t\t\t\t\t<div class=\"elementor-column elementor-col-100 elementor-top-column elementor-element elementor-element-48ceb533\" data-id=\"48ceb533\" data-element_type=\"column\">\n\t\t\t<div class=\"elementor-widget-wrap elementor-element-populated\">\n\t\t\t\t\t\t<div class=\"elementor-element elementor-element-35bf6d64 elementor-shape-rounded elementor-grid-0 e-grid-align-center elementor-invisible elementor-widget elementor-widget-social-icons\" data-id=\"35bf6d64\" data-element_type=\"widget\" data-settings=\"{&quot;_animation&quot;:&quot;zoomIn&quot;}\" data-widget_type=\"social-icons.default\">\n\t\t\t\t<div class=\"elementor-widget-container\">\n\t\t\t\t\t\t\t<div class=\"elementor-social-icons-wrapper elementor-grid\">\n\t\t\t\t\t\t\t<span class=\"elementor-grid-item\">\n\t\t\t\t\t<a class=\"elementor-icon elementor-social-icon elementor-social-icon-linkedin elementor-repeater-item-7995361\" href=\"https:\/\/www.linkedin.com\/company\/16198132\/\" target=\"_blank\">\n\t\t\t\t\t\t<span class=\"elementor-screen-only\">Linkedin<\/span>\n\t\t\t\t\t\t<i class=\"fab fa-linkedin\"><\/i>\t\t\t\t\t<\/a>\n\t\t\t\t<\/span>\n\t\t\t\t\t\t\t<span class=\"elementor-grid-item\">\n\t\t\t\t\t<a class=\"elementor-icon elementor-social-icon elementor-social-icon-youtube elementor-repeater-item-8bb7a89\" href=\"https:\/\/www.youtube.com\/channel\/UCHfjsyjdCdS2vcOR26sFFhw\" target=\"_blank\">\n\t\t\t\t\t\t<span class=\"elementor-screen-only\">Youtube<\/span>\n\t\t\t\t\t\t<i class=\"fab fa-youtube\"><\/i>\t\t\t\t\t<\/a>\n\t\t\t\t<\/span>\n\t\t\t\t\t<\/div>\n\t\t\t\t\t\t<\/div>\n\t\t\t\t<\/div>\n\t\t\t\t\t<\/div>\n\t\t<\/div>\n\t\t\t\t\t<\/div>\n\t\t<\/section>\n\t\t\t\t<\/div>\n\t\t","protected":false},"excerpt":{"rendered":"<p>La formation Contenu Validation Lieu Voies d&rsquo;acc\u00e8s Dur\u00e9e Documents compl\u00e9mentaires Contenu Cette formation a pour objectif de se pr\u00e9parer et s\u2019entra\u00eener \u00e0 l\u2019\u00e9preuve \u00e9crite et orale d\u2019admission au CAFDES. LA FORMATION PREPA&rsquo; DE L&rsquo;ECRIT (MODULE 1) : Pr\u00e9paration \u00e0 la r\u00e9daction de la note \u00e9crite de 4 \u00e0 6 pages, \u00e0 d\u00e9poser avec le dossier&hellip; <br \/> <a class=\"read-more\" href=\"https:\/\/itsra.net\/wordpress\/classe-preparatoire-aux-epreuves-dadmission-a-la-formation-cafdes\/\">Lire la suite<\/a><\/p>\n","protected":false},"author":3,"featured_media":0,"parent":0,"menu_order":0,"comment_status":"closed","ping_status":"closed","template":"","meta":{"om_disable_all_campaigns":false,"_monsterinsights_skip_tracking":false,"_monsterinsights_sitenote_active":false,"_monsterinsights_sitenote_note":"","_monsterinsights_sitenote_category":0,"_uf_show_specific_survey":0,"_uf_disable_surveys":false,"footnotes":""},"class_list":["post-4541","page","type-page","status-publish","hentry"],"aioseo_notices":[],"yoast_head":"<!-- This site is optimized with the Yoast SEO plugin v24.5 - https:\/\/yoast.com\/wordpress\/plugins\/seo\/ -->\n<title>Pr\u00e9pa aux \u00e9preuves d&#039;admission \u00e0 la formation CAFDES - Institut de Travail Social de la R\u00e9gion Auvergne<\/title>\n<meta name=\"robots\" content=\"index, follow, max-snippet:-1, max-image-preview:large, max-video-preview:-1\" \/>\n<link rel=\"canonical\" href=\"https:\/\/itsra.net\/wordpress\/classe-preparatoire-aux-epreuves-dadmission-a-la-formation-cafdes\/\" \/>\n<meta property=\"og:locale\" content=\"fr_FR\" \/>\n<meta property=\"og:type\" content=\"article\" \/>\n<meta property=\"og:title\" content=\"Pr\u00e9pa aux \u00e9preuves d&#039;admission \u00e0 la formation CAFDES - Institut de Travail Social de la R\u00e9gion Auvergne\" \/>\n<meta property=\"og:description\" content=\"La formation Contenu Validation Lieu Voies d&rsquo;acc\u00e8s Dur\u00e9e Documents compl\u00e9mentaires Contenu Cette formation a pour objectif de se pr\u00e9parer et s\u2019entra\u00eener \u00e0 l\u2019\u00e9preuve \u00e9crite et orale d\u2019admission au CAFDES. LA FORMATION PREPA&rsquo; DE L&rsquo;ECRIT (MODULE 1) : Pr\u00e9paration \u00e0 la r\u00e9daction de la note \u00e9crite de 4 \u00e0 6 pages, \u00e0 d\u00e9poser avec le dossier&hellip; Lire la suite\" \/>\n<meta property=\"og:url\" content=\"https:\/\/itsra.net\/wordpress\/classe-preparatoire-aux-epreuves-dadmission-a-la-formation-cafdes\/\" \/>\n<meta property=\"og:site_name\" content=\"Institut de Travail Social de la R\u00e9gion Auvergne\" \/>\n<meta property=\"article:modified_time\" content=\"2026-04-29T13:17:54+00:00\" \/>\n<meta name=\"twitter:card\" content=\"summary_large_image\" \/>\n<meta name=\"twitter:label1\" content=\"Dur\u00e9e de lecture estim\u00e9e\" \/>\n\t<meta name=\"twitter:data1\" content=\"2 minutes\" \/>\n<script type=\"application\/ld+json\" class=\"yoast-schema-graph\">{\"@context\":\"https:\/\/schema.org\",\"@graph\":[{\"@type\":\"WebPage\",\"@id\":\"https:\/\/itsra.net\/wordpress\/classe-preparatoire-aux-epreuves-dadmission-a-la-formation-cafdes\/\",\"url\":\"https:\/\/itsra.net\/wordpress\/classe-preparatoire-aux-epreuves-dadmission-a-la-formation-cafdes\/\",\"name\":\"Pr\u00e9pa aux \u00e9preuves d'admission \u00e0 la formation CAFDES - Institut de Travail Social de la R\u00e9gion Auvergne\",\"isPartOf\":{\"@id\":\"https:\/\/itsra.net\/wordpress\/#website\"},\"datePublished\":\"2020-12-02T13:14:18+00:00\",\"dateModified\":\"2026-04-29T13:17:54+00:00\",\"breadcrumb\":{\"@id\":\"https:\/\/itsra.net\/wordpress\/classe-preparatoire-aux-epreuves-dadmission-a-la-formation-cafdes\/#breadcrumb\"},\"inLanguage\":\"fr-FR\",\"potentialAction\":[{\"@type\":\"ReadAction\",\"target\":[\"https:\/\/itsra.net\/wordpress\/classe-preparatoire-aux-epreuves-dadmission-a-la-formation-cafdes\/\"]}]},{\"@type\":\"BreadcrumbList\",\"@id\":\"https:\/\/itsra.net\/wordpress\/classe-preparatoire-aux-epreuves-dadmission-a-la-formation-cafdes\/#breadcrumb\",\"itemListElement\":[{\"@type\":\"ListItem\",\"position\":1,\"name\":\"Accueil\",\"item\":\"https:\/\/itsra.net\/wordpress\/\"},{\"@type\":\"ListItem\",\"position\":2,\"name\":\"Pr\u00e9pa aux \u00e9preuves d&rsquo;admission \u00e0 la formation CAFDES\"}]},{\"@type\":\"WebSite\",\"@id\":\"https:\/\/itsra.net\/wordpress\/#website\",\"url\":\"https:\/\/itsra.net\/wordpress\/\",\"name\":\"Institut de Travail Social de la R\u00e9gion Auvergne\",\"description\":\"\",\"publisher\":{\"@id\":\"https:\/\/itsra.net\/wordpress\/#organization\"},\"potentialAction\":[{\"@type\":\"SearchAction\",\"target\":{\"@type\":\"EntryPoint\",\"urlTemplate\":\"https:\/\/itsra.net\/wordpress\/?s={search_term_string}\"},\"query-input\":{\"@type\":\"PropertyValueSpecification\",\"valueRequired\":true,\"valueName\":\"search_term_string\"}}],\"inLanguage\":\"fr-FR\"},{\"@type\":\"Organization\",\"@id\":\"https:\/\/itsra.net\/wordpress\/#organization\",\"name\":\"Institut de Travail Social de la R\u00e9gion Auvergne\",\"url\":\"https:\/\/itsra.net\/wordpress\/\",\"logo\":{\"@type\":\"ImageObject\",\"inLanguage\":\"fr-FR\",\"@id\":\"https:\/\/itsra.net\/wordpress\/#\/schema\/logo\/image\/\",\"url\":\"http:\/\/itsra.net\/wordpress\/wp-content\/uploads\/2019\/01\/LogoITSRA_PNG_HD.png\",\"contentUrl\":\"http:\/\/itsra.net\/wordpress\/wp-content\/uploads\/2019\/01\/LogoITSRA_PNG_HD.png\",\"width\":1280,\"height\":346,\"caption\":\"Institut de Travail Social de la R\u00e9gion Auvergne\"},\"image\":{\"@id\":\"https:\/\/itsra.net\/wordpress\/#\/schema\/logo\/image\/\"}}]}<\/script>\n<!-- \/ Yoast SEO plugin. -->","yoast_head_json":{"title":"Pr\u00e9pa aux \u00e9preuves d'admission \u00e0 la formation CAFDES - Institut de Travail Social de la R\u00e9gion Auvergne","robots":{"index":"index","follow":"follow","max-snippet":"max-snippet:-1","max-image-preview":"max-image-preview:large","max-video-preview":"max-video-preview:-1"},"canonical":"https:\/\/itsra.net\/wordpress\/classe-preparatoire-aux-epreuves-dadmission-a-la-formation-cafdes\/","og_locale":"fr_FR","og_type":"article","og_title":"Pr\u00e9pa aux \u00e9preuves d'admission \u00e0 la formation CAFDES - Institut de Travail Social de la R\u00e9gion Auvergne","og_description":"La formation Contenu Validation Lieu Voies d&rsquo;acc\u00e8s Dur\u00e9e Documents compl\u00e9mentaires Contenu Cette formation a pour objectif de se pr\u00e9parer et s\u2019entra\u00eener \u00e0 l\u2019\u00e9preuve \u00e9crite et orale d\u2019admission au CAFDES. LA FORMATION PREPA&rsquo; DE L&rsquo;ECRIT (MODULE 1) : Pr\u00e9paration \u00e0 la r\u00e9daction de la note \u00e9crite de 4 \u00e0 6 pages, \u00e0 d\u00e9poser avec le dossier&hellip; Lire la suite","og_url":"https:\/\/itsra.net\/wordpress\/classe-preparatoire-aux-epreuves-dadmission-a-la-formation-cafdes\/","og_site_name":"Institut de Travail Social de la R\u00e9gion Auvergne","article_modified_time":"2026-04-29T13:17:54+00:00","twitter_card":"summary_large_image","twitter_misc":{"Dur\u00e9e de lecture estim\u00e9e":"2 minutes"},"schema":{"@context":"https:\/\/schema.org","@graph":[{"@type":"WebPage","@id":"https:\/\/itsra.net\/wordpress\/classe-preparatoire-aux-epreuves-dadmission-a-la-formation-cafdes\/","url":"https:\/\/itsra.net\/wordpress\/classe-preparatoire-aux-epreuves-dadmission-a-la-formation-cafdes\/","name":"Pr\u00e9pa aux \u00e9preuves d'admission \u00e0 la formation CAFDES - Institut de Travail Social de la R\u00e9gion Auvergne","isPartOf":{"@id":"https:\/\/itsra.net\/wordpress\/#website"},"datePublished":"2020-12-02T13:14:18+00:00","dateModified":"2026-04-29T13:17:54+00:00","breadcrumb":{"@id":"https:\/\/itsra.net\/wordpress\/classe-preparatoire-aux-epreuves-dadmission-a-la-formation-cafdes\/#breadcrumb"},"inLanguage":"fr-FR","potentialAction":[{"@type":"ReadAction","target":["https:\/\/itsra.net\/wordpress\/classe-preparatoire-aux-epreuves-dadmission-a-la-formation-cafdes\/"]}]},{"@type":"BreadcrumbList","@id":"https:\/\/itsra.net\/wordpress\/classe-preparatoire-aux-epreuves-dadmission-a-la-formation-cafdes\/#breadcrumb","itemListElement":[{"@type":"ListItem","position":1,"name":"Accueil","item":"https:\/\/itsra.net\/wordpress\/"},{"@type":"ListItem","position":2,"name":"Pr\u00e9pa aux \u00e9preuves d&rsquo;admission \u00e0 la formation CAFDES"}]},{"@type":"WebSite","@id":"https:\/\/itsra.net\/wordpress\/#website","url":"https:\/\/itsra.net\/wordpress\/","name":"Institut de Travail Social de la R\u00e9gion Auvergne","description":"","publisher":{"@id":"https:\/\/itsra.net\/wordpress\/#organization"},"potentialAction":[{"@type":"SearchAction","target":{"@type":"EntryPoint","urlTemplate":"https:\/\/itsra.net\/wordpress\/?s={search_term_string}"},"query-input":{"@type":"PropertyValueSpecification","valueRequired":true,"valueName":"search_term_string"}}],"inLanguage":"fr-FR"},{"@type":"Organization","@id":"https:\/\/itsra.net\/wordpress\/#organization","name":"Institut de Travail Social de la R\u00e9gion Auvergne","url":"https:\/\/itsra.net\/wordpress\/","logo":{"@type":"ImageObject","inLanguage":"fr-FR","@id":"https:\/\/itsra.net\/wordpress\/#\/schema\/logo\/image\/","url":"http:\/\/itsra.net\/wordpress\/wp-content\/uploads\/2019\/01\/LogoITSRA_PNG_HD.png","contentUrl":"http:\/\/itsra.net\/wordpress\/wp-content\/uploads\/2019\/01\/LogoITSRA_PNG_HD.png","width":1280,"height":346,"caption":"Institut de Travail Social de la R\u00e9gion Auvergne"},"image":{"@id":"https:\/\/itsra.net\/wordpress\/#\/schema\/logo\/image\/"}}]}},"_links":{"self":[{"href":"https:\/\/itsra.net\/wordpress\/wp-json\/wp\/v2\/pages\/4541","targetHints":{"allow":["GET"]}}],"collection":[{"href":"https:\/\/itsra.net\/wordpress\/wp-json\/wp\/v2\/pages"}],"about":[{"href":"https:\/\/itsra.net\/wordpress\/wp-json\/wp\/v2\/types\/page"}],"author":[{"embeddable":true,"href":"https:\/\/itsra.net\/wordpress\/wp-json\/wp\/v2\/users\/3"}],"replies":[{"embeddable":true,"href":"https:\/\/itsra.net\/wordpress\/wp-json\/wp\/v2\/comments?post=4541"}],"version-history":[{"count":111,"href":"https:\/\/itsra.net\/wordpress\/wp-json\/wp\/v2\/pages\/4541\/revisions"}],"predecessor-version":[{"id":13514,"href":"https:\/\/itsra.net\/wordpress\/wp-json\/wp\/v2\/pages\/4541\/revisions\/13514"}],"wp:attachment":[{"href":"https:\/\/itsra.net\/wordpress\/wp-json\/wp\/v2\/media?parent=4541"}],"curies":[{"name":"wp","href":"https:\/\/api.w.org\/{rel}","templated":true}]}}